{"id":161,"date":"2014-08-15T11:51:45","date_gmt":"2014-08-15T15:51:45","guid":{"rendered":"http:\/\/www.frfce.qc.ca\/?page_id=161"},"modified":"2014-09-12T15:24:08","modified_gmt":"2014-09-12T19:24:08","slug":"evaluation-dun-scenario-de-zonage-forestier-pour-la-municipalite-de-saint-benoit-du-lac","status":"publish","type":"page","link":"https:\/\/www.frfce.qc.ca\/?page_id=161","title":{"rendered":"\u00c9valuation d\u2019un sc\u00e9nario de zonage forestier pour la municipalit\u00e9 de Saint-Beno\u00eet-du-Lac"},"content":{"rendered":"<p><strong><img loading=\"lazy\" decoding=\"async\" class=\"alignright wp-image-120 size-full\" src=\"http:\/\/www.frfce.qc.ca\/wp-content\/uploads\/2014\/08\/zonage_forestier.png\" alt=\"zonage forestier\" width=\"200\" height=\"200\" srcset=\"https:\/\/www.frfce.qc.ca\/wp-content\/uploads\/2014\/08\/zonage_forestier.png 200w, https:\/\/www.frfce.qc.ca\/wp-content\/uploads\/2014\/08\/zonage_forestier-150x150.png 150w, https:\/\/www.frfce.qc.ca\/wp-content\/uploads\/2014\/08\/zonage_forestier-50x50.png 50w\" sizes=\"auto, (max-width: 200px) 100vw, 200px\" \/>Mise en contexte<\/strong><\/p>\n<p>Le zonage forestier est un concept d\u2019am\u00e9nagement forestier qui vise simultan\u00e9ment la <a title=\"Conservation de la for\u00eat\" href=\"http:\/\/www.frfce.qc.ca\/?page_id=22\">conservation d\u2019\u00e9cosyst\u00e8mes forestiers<\/a> dans leur int\u00e9gralit\u00e9, l\u2019am\u00e9nagement forestier extensif et \u00e9cosyst\u00e9mique (incluant la <a title=\"Restauration de la for\u00eat\" href=\"http:\/\/www.frfce.qc.ca\/?page_id=20\">restauration<\/a>) ainsi que l\u2019am\u00e9nagement intensif (<a title=\"Production de la ressource foresti\u00e8re\" href=\"http:\/\/www.frfce.qc.ca\/?page_id=18\">production<\/a> accrue). Ces<br \/>\n3 types d\u2019am\u00e9nagements sont attribu\u00e9s \u00e0 des zones particuli\u00e8res sur un m\u00eame territoire de mani\u00e8re \u00e0 r\u00e9duire les conflits entre les divers utilisateurs de la for\u00eat.<\/p>\n<p>Le concept de zonage forestier est pr\u00e9sentement appliqu\u00e9 sur de vastes territoires \u00e0 quelques endroits en Am\u00e9rique du Nord, principalement sur des terres utilis\u00e9es par l\u2019industrie foresti\u00e8re. Il est toutefois possible d\u2019appliquer le zonage forestier \u00e0 plus petite \u00e9chelle, en territoire priv\u00e9, dans le sud du Qu\u00e9bec. Dans cette r\u00e9gion, des rendements tr\u00e8s \u00e9lev\u00e9s de mati\u00e8re ligneuse peuvent \u00eatre g\u00e9n\u00e9r\u00e9s sur de petites surfaces par la plantation d\u2019arbres. Cela permet alors de lib\u00e9rer des superficies pour la conservation et la restauration d\u2019\u00e9cosyst\u00e8mes forestiers d\u00e9grad\u00e9s ou appauvris, tout en maintenant la m\u00eame productivit\u00e9 foresti\u00e8re \u00e0 l\u2019\u00e9chelle du territoire.<\/p>\n<p>&nbsp;<\/p>\n<p><strong>Description du territoire \u00e0 l\u2019\u00e9tude<\/strong><\/p>\n<p><img loading=\"lazy\" decoding=\"async\" class=\"alignleft wp-image-412 size-full\" src=\"http:\/\/www.frfce.qc.ca\/wp-content\/uploads\/2014\/08\/abbaye-st-benoit.jpg\" alt=\"Abbaye Saint-Benoit-du-lac\" width=\"200\" height=\"200\" srcset=\"https:\/\/www.frfce.qc.ca\/wp-content\/uploads\/2014\/08\/abbaye-st-benoit.jpg 200w, https:\/\/www.frfce.qc.ca\/wp-content\/uploads\/2014\/08\/abbaye-st-benoit-150x150.jpg 150w, https:\/\/www.frfce.qc.ca\/wp-content\/uploads\/2014\/08\/abbaye-st-benoit-50x50.jpg 50w\" sizes=\"auto, (max-width: 200px) 100vw, 200px\" \/>Dans ce projet, nous \u00e9valuons la possibilit\u00e9 d\u2019appliquer le zonage forestier au territoire de la municipalit\u00e9 de Saint-Beno\u00eet-du-Lac dans les Cantons-de-l\u2019Est, site de l\u2019Abbaye Saint-Beno\u00eet. Ce territoire priv\u00e9 de 216 hectares (ha) compte 150 ha de for\u00eats, 45 ha de champs cultiv\u00e9s, 5,5 ha de friches (terres agricoles et de vergers abandonn\u00e9s) et 8,5 ha de vergers. Les infrastructures de l\u2019Abbaye (stationnement, routes et b\u00e2timents) occupent 7 ha.<\/p>\n<p>La Communaut\u00e9 des B\u00e9n\u00e9dictins a fait l\u2019acquisition de cette propri\u00e9t\u00e9 en 1912, \u00e0 une p\u00e9riode o\u00f9 la r\u00e9colte du bois et l\u2019agriculture \u00e9taient d\u00e9j\u00e0 une activit\u00e9 \u00e9conomique centrale dans cette partie des Cantons-de-l\u2019Est. Au cours des 100 ann\u00e9es qui suivirent, l\u2019activit\u00e9 humaine a fortement model\u00e9 le paysage au gr\u00e9 des coupes foresti\u00e8res et de l\u2019expansion de l\u2019agriculture. Les coupes foresti\u00e8res ont g\u00e9n\u00e9r\u00e9 divers types de peuplements forestiers, allant de vieilles \u00e9rabli\u00e8res \u00e0 de jeunes for\u00eats appauvries, compos\u00e9es principalement de feuillus pionniers (bouleaux, peupliers), situation somme toute tr\u00e8s semblable \u00e0 ce qui est observ\u00e9 sur l\u2019ensemble du territoire des Cantons-de-l\u2019Est.<\/p>\n<p>&nbsp;<\/p>\n<p><strong>Sc\u00e9nario de zonage forestier<\/strong><\/p>\n<p><img loading=\"lazy\" decoding=\"async\" class=\"alignright wp-image-167 size-full\" src=\"http:\/\/www.frfce.qc.ca\/wp-content\/uploads\/2014\/08\/zonage_forestier_peuplier_deltoide.png\" alt=\"zonage forestier peuplier delto\u00efde\" width=\"200\" height=\"200\" srcset=\"https:\/\/www.frfce.qc.ca\/wp-content\/uploads\/2014\/08\/zonage_forestier_peuplier_deltoide.png 200w, https:\/\/www.frfce.qc.ca\/wp-content\/uploads\/2014\/08\/zonage_forestier_peuplier_deltoide-150x150.png 150w, https:\/\/www.frfce.qc.ca\/wp-content\/uploads\/2014\/08\/zonage_forestier_peuplier_deltoide-50x50.png 50w\" sizes=\"auto, (max-width: 200px) 100vw, 200px\" \/>Afin de d\u00e9terminer l\u2019emplacement et la superficie des diff\u00e9rentes zones de conservation, d\u2019am\u00e9nagement \u00e9cosyst\u00e9mique et de production intensive, une \u00e9tude d\u00e9taill\u00e9e des cartes \u00e9coforesti\u00e8res et des photos a\u00e9riennes a \u00e9t\u00e9 r\u00e9alis\u00e9e. Puis, au cours de l\u2019\u00e9t\u00e9 2010, 71 parcelles permanentes de 400 m\u00b2 ont \u00e9t\u00e9 \u00e9tablies sur l\u2019ensemble du territoire forestier, afin d\u2019effectuer un inventaire \u00e9cologique d\u00e9taill\u00e9 des diff\u00e9rentes communaut\u00e9s foresti\u00e8res.<\/p>\n<p>Par la suite, des analyses d\u2019ordination ont \u00e9t\u00e9 effectu\u00e9es pour identifier les types de communaut\u00e9s foresti\u00e8res retrouv\u00e9es sur le territoire de l\u2019Abbaye et pour d\u00e9terminer quels facteurs \u00e9cologiques sont associ\u00e9s \u00e0 leur distribution. Ces analyses ont permis de d\u00e9limiter les zones de vieilles for\u00eats et celles de jeunes for\u00eats. Les vieilles for\u00eats se trouvent dans des zones o\u00f9 l\u2019agriculture n\u2019a jamais \u00e9t\u00e9 d\u00e9velopp\u00e9e (sol trop rocheux), alors que les jeunes for\u00eats de Saint-Beno\u00eet-du-Lac sont issues de l\u2019abandon de l\u2019agriculture, il y a environ 50 ans, et sont habituellement de pauvre qualit\u00e9.<\/p>\n<p>&nbsp;<\/p>\n<p>Sept crit\u00e8res ont \u00e9t\u00e9 utilis\u00e9s pour d\u00e9terminer la valeur des diff\u00e9rentes parcelles de for\u00eat pour la conservation :<\/p>\n<ol>\n<li>La pr\u00e9sence de corridors bois\u00e9s ou aquatiques (cours d\u2019eau) vers d\u2019autres secteurs naturels;<\/li>\n<li>La connectivit\u00e9 avec des for\u00eats avoisinantes (hors du territoire \u00e9tudi\u00e9)<\/li>\n<li>La pr\u00e9sence de vieilles for\u00eats (plus de 100 ans)<\/li>\n<li>L\u2019abondance de bois mort au sol<\/li>\n<li>L\u2019abondance de gros chicots et d\u2019arbres \u00e0 cavit\u00e9s<\/li>\n<li>La pr\u00e9sence de plantes rares, menac\u00e9es ou vuln\u00e9rables<\/li>\n<li>La pr\u00e9sence de la faune ou d\u2019indicateur de la faune (ex. terrier)<\/li>\n<\/ol>\n<p>&nbsp;<\/p>\n<p>Apr\u00e8s une analyse d\u00e9taill\u00e9e des parcelles foresti\u00e8res, bas\u00e9e sur les 7 crit\u00e8res de valeur pour la conservation, sur leur potentiel pour la production ou la restauration foresti\u00e8re, ainsi que sur des analyses de sol de la zone agricole, nous avons propos\u00e9 le sc\u00e9nario de zonage forestier suivant\u00a0:<\/p>\n<p><a href=\"http:\/\/www.frfce.qc.ca\/wp-content\/uploads\/2014\/08\/zonage.png\"><img loading=\"lazy\" decoding=\"async\" class=\"aligncenter size-full wp-image-455\" src=\"http:\/\/www.frfce.qc.ca\/wp-content\/uploads\/2014\/08\/zonage.png\" alt=\"Sc\u00e9nario d'un zonage forestier dans la municipalit\u00e9 de Saint-Beno\u00eet-du-Lac\" width=\"800\" height=\"614\" srcset=\"https:\/\/www.frfce.qc.ca\/wp-content\/uploads\/2014\/08\/zonage.png 800w, https:\/\/www.frfce.qc.ca\/wp-content\/uploads\/2014\/08\/zonage-300x230.png 300w\" sizes=\"auto, (max-width: 800px) 100vw, 800px\" \/><\/a><\/p>\n<p>&nbsp;<\/p>\n<p><strong>Conservation<\/strong>\u00a0: Les zones de conservation propos\u00e9es couvrent 25 % du territoire forestier (37 ha), principalement sous forme d\u2019un corridor longeant un des cours d\u2019eau. Ce corridor renferme les plus vieilles for\u00eats du territoire \u00e9tudi\u00e9. \u00c0 cela s\u2019ajoute un deuxi\u00e8me secteur, un peu plus petit que le premier et s\u00e9par\u00e9 de celui-ci. Cette autre zone renferme plusieurs esp\u00e8ces de plantes rares, de m\u00eame qu\u2019une quantit\u00e9 \u00e9lev\u00e9e de chicots et d\u2019arbres \u00e0 cavit\u00e9s de grande taille, tr\u00e8s importants pour la faune.<\/p>\n<p><strong>Am\u00e9nagement \u00e9cosyst\u00e9mique<\/strong>\u00a0: Une fois les zones de conservation d\u00e9limit\u00e9es, le reste du territoire forestier (113 ha) a \u00e9t\u00e9 plac\u00e9 dans la zone d\u2019am\u00e9nagement forestier \u00e9cosyst\u00e9mique. L\u2019am\u00e9nagement sylvicole, incluant la r\u00e9colte de bois, est toujours possible dans pr\u00e8s de 80 % (89 ha) de cette zone, mais \u00e0 condition que les principes de l\u2019am\u00e9nagement \u00e9cosyst\u00e9mique soient respect\u00e9s. Les 24 ha restants sont constitu\u00e9s de jeunes for\u00eats issues de l\u2019abandon des activit\u00e9s agricole (cultures, vergers) et des c\u00e9dri\u00e8res d\u00e9grad\u00e9es. Les jeunes for\u00eats domin\u00e9es par le bouleau gris, le bouleau blanc et les peupliers sont un milieu particuli\u00e8rement favorable \u00e0 la plantation en sous couvert de ch\u00eanes rouges et de pins blancs, deux esp\u00e8ces autrefois abondantes localement et qui m\u00e9ritent d\u2019\u00eatre restaur\u00e9es.<\/p>\n<p><strong>Am\u00e9nagement intensif\u00a0<\/strong>: Environ 3,5 ha ont \u00e9t\u00e9 d\u00e9di\u00e9s \u00e0 l\u2019intensification de la production ligneuse. Cette superficie est constitu\u00e9e en partie de plantations de peuplier hybride situ\u00e9es en bas de pente des champs cultiv\u00e9s et dans des jeunes friches herbac\u00e9es. L\u2019objectif est de produire de la biomasse sur de courtes rotations de fa\u00e7on \u00e0 combler partiellement les besoins \u00e9nerg\u00e9tiques de l\u2019Abbaye (chauffage \u00e0 la bio\u00e9nergie). Les rendements \u00e9lev\u00e9s obtenus dans cette petite zone devraient compenser la perte de bois qui aurait pu \u00eatre r\u00e9colt\u00e9e dans les 37\u00a0ha de for\u00eat qui sont maintenant vou\u00e9s \u00e0 la conservation.<\/p>\n<p>&nbsp;<\/p>\n<p><img loading=\"lazy\" decoding=\"async\" class=\"alignright wp-image-168 size-full\" src=\"http:\/\/www.frfce.qc.ca\/wp-content\/uploads\/2014\/08\/zonage_forestier_prod_intensive.png\" alt=\"zonage forestier production intensive\" width=\"200\" height=\"200\" srcset=\"https:\/\/www.frfce.qc.ca\/wp-content\/uploads\/2014\/08\/zonage_forestier_prod_intensive.png 200w, https:\/\/www.frfce.qc.ca\/wp-content\/uploads\/2014\/08\/zonage_forestier_prod_intensive-150x150.png 150w, https:\/\/www.frfce.qc.ca\/wp-content\/uploads\/2014\/08\/zonage_forestier_prod_intensive-50x50.png 50w\" sizes=\"auto, (max-width: 200px) 100vw, 200px\" \/><\/p>\n<p>En conclusion, cette \u00e9tude a montr\u00e9 qu\u2019il est tout \u00e0 fait possible de proposer un sc\u00e9nario r\u00e9aliste de zonage forestier en territoire habit\u00e9 et priv\u00e9 du sud du Qu\u00e9bec afin de cr\u00e9er une cohabitation harmonieuse de l\u2019am\u00e9nagement et de la conservation de la for\u00eat. Ce genre de sc\u00e9nario pourra aider \u00e0 diminuer les conflits entre les nombreux utilisateurs de la for\u00eat.<\/p>\n<p>Toutefois, il est important de mentionner que ce travail de recherche n\u2019est pas termin\u00e9. Il sera important de confirmer que\u00a0les quantit\u00e9s de bois produites en zone d\u2019am\u00e9nagement intensif sont suffisantes pour compenser l\u2019arr\u00eat complet de la r\u00e9colte de bois dans les zones maintenant vou\u00e9es \u00e0 la conservation. Il nous faudra \u00e9galement tester l\u2019applicabilit\u00e9 de ce mod\u00e8le de zonage sur plusieurs types de propri\u00e9t\u00e9s priv\u00e9es.<\/p>\n<p>&nbsp;<\/p>\n<style id=\"bwg-style-0\">    #bwg_container1_0 #bwg_container2_0 .bwg-container-0.bwg-standard-thumbnails {      width: 604px;              justify-content: center;        margin:0 auto !important;              background-color: rgba(255, 255, 255, 0.00);            padding-left: 4px;      padding-top: 4px;      max-width: 100%;            }        #bwg_container1_0 #bwg_container2_0 .bwg-container-0.bwg-standard-thumbnails .bwg-item {    justify-content: flex-start;      max-width: 120px;            width: 120px !important;          }    #bwg_container1_0 #bwg_container2_0 .bwg-container-0.bwg-standard-thumbnails .bwg-item a {       margin-right: 4px;       margin-bottom: 4px;    }    #bwg_container1_0 #bwg_container2_0 .bwg-container-0.bwg-standard-thumbnails .bwg-item0 {      padding: 0px;            background-color:rgba(255,255,255, 0.30);      border: 0px none #CCCCCC;      opacity: 1.00;      border-radius: 0;      box-shadow: 0px 0px 0px #888888;    }    #bwg_container1_0 #bwg_container2_0 .bwg-container-0.bwg-standard-thumbnails .bwg-item1 img {      max-height: none;      max-width: none;      padding: 0 !important;    }        @media only screen and (min-width: 480px) {      #bwg_container1_0 #bwg_container2_0 .bwg-container-0.bwg-standard-thumbnails .bwg-item0 {        transition: all 0.3s ease 0s;-webkit-transition: all 0.3s ease 0s;      }      #bwg_container1_0 #bwg_container2_0 .bwg-container-0.bwg-standard-thumbnails .bwg-item0:hover {        -ms-transform: scale(1.1);        -webkit-transform: scale(1.1);        transform: scale(1.1);      }    }          #bwg_container1_0 #bwg_container2_0 .bwg-container-0.bwg-standard-thumbnails .bwg-item1 {      padding-top: 75%;    }        #bwg_container1_0 #bwg_container2_0 .bwg-container-0.bwg-standard-thumbnails .bwg-title2,    #bwg_container1_0 #bwg_container2_0 .bwg-container-0.bwg-standard-thumbnails .bwg-ecommerce2 {      color: #CCCCCC;      font-family: segoe ui;      font-size: 16px;      font-weight: bold;      padding: 2px;      text-shadow: 0px 0px 0px #888888;      max-height: 100%;    }    #bwg_container1_0 #bwg_container2_0 .bwg-container-0.bwg-standard-thumbnails .bwg-thumb-description span {    color: #323A45;    font-family: Ubuntu;    font-size: 12px;    max-height: 100%;    word-wrap: break-word;    }    #bwg_container1_0 #bwg_container2_0 .bwg-container-0.bwg-standard-thumbnails .bwg-play-icon2 {      font-size: 32px;    }    #bwg_container1_0 #bwg_container2_0 .bwg-container-0.bwg-standard-thumbnails .bwg-ecommerce2 {      font-size: 19.2px;      color: #CCCCCC;    }    <\/style>    <div id=\"bwg_container1_0\"         class=\"bwg_container bwg_thumbnail bwg_thumbnails \"         data-right-click-protection=\"0\"         data-bwg=\"0\"         data-scroll=\"0\"         data-gallery-type=\"thumbnails\"         data-gallery-view-type=\"thumbnails\"         data-current-url=\"\/index.php?rest_route=%2Fwp%2Fv2%2Fpages%2F161\"         data-lightbox-url=\"https:\/\/www.frfce.qc.ca\/wp-admin\/admin-ajax.php?action=GalleryBox&#038;current_view=0&#038;gallery_id=2&#038;tag=0&#038;theme_id=1&#038;shortcode_id=0&#038;sort_by=order&#038;order_by=asc&#038;current_url=%2Findex.php%3Frest_route%3D%252Fwp%252Fv2%252Fpages%252F161\"         data-gallery-id=\"2\"         data-popup-width=\"800\"         data-popup-height=\"500\"         data-is-album=\"gallery\"         data-buttons-position=\"bottom\">      <div id=\"bwg_container2_0\">             <div id=\"ajax_loading_0\" class=\"bwg_loading_div_1\">      <div class=\"bwg_loading_div_2\">        <div class=\"bwg_loading_div_3\">          <div id=\"loading_div_0\" class=\"bwg_spider_ajax_loading\">          <\/div>        <\/div>      <\/div>    <\/div>            <form id=\"gal_front_form_0\"              class=\"bwg-hidden\"              method=\"post\"              action=\"#\"              data-current=\"0\"              data-shortcode-id=\"0\"              data-gallery-type=\"thumbnails\"              data-gallery-id=\"2\"              data-tag=\"0\"              data-album-id=\"0\"              data-theme-id=\"1\"              data-ajax-url=\"https:\/\/www.frfce.qc.ca\/wp-admin\/admin-ajax.php?action=bwg_frontend_data\">          <div id=\"bwg_container3_0\" class=\"bwg-background bwg-background-0\">                <div data-max-count=\"5\"         data-thumbnail-width=\"120\"         data-bwg=\"0\"         data-gallery-id=\"2\"         data-lightbox-url=\"https:\/\/www.frfce.qc.ca\/wp-admin\/admin-ajax.php?action=GalleryBox&amp;current_view=0&amp;gallery_id=2&amp;tag=0&amp;theme_id=1&amp;shortcode_id=0&amp;sort_by=order&amp;order_by=asc&amp;current_url=%2Findex.php%3Frest_route%3D%252Fwp%252Fv2%252Fpages%252F161\"         id=\"bwg_thumbnails_0\"         class=\"bwg-container-0 bwg-thumbnails bwg-standard-thumbnails bwg-container bwg-border-box\">            <div class=\"bwg-item\">        <a class=\"bwg-a \"  data-elementor-open-lightbox=\"no\">                <div class=\"bwg-item0 \">          <div class=\"bwg-item1 \">            <div class=\"bwg-item2\">              <img decoding=\"async\" class=\"skip-lazy bwg_standart_thumb_img_0 \"                   data-id=\"12\"                   data-width=\"\"                   data-height=\"\"                   data-src=\"https:\/\/www.frfce.qc.ca\/wp-content\/uploads\/photo-gallery\/thumb\/2%20(1).png\"                   src=\"https:\/\/www.frfce.qc.ca\/wp-content\/uploads\/photo-gallery\/thumb\/2%20(1).png\"                   alt=\"Zonage forestier \u00e0 Saint-Beno\u00eet-du-Lac\"                   title=\"Zonage forestier \u00e0 Saint-Beno\u00eet-du-Lac\" \/>            <\/div>            <div class=\"\">                                                      <\/div>          <\/div>        <\/div>                        <\/a>              <\/div>            <div class=\"bwg-item\">        <a class=\"bwg-a \"  data-elementor-open-lightbox=\"no\">                <div class=\"bwg-item0 \">          <div class=\"bwg-item1 \">            <div class=\"bwg-item2\">              <img decoding=\"async\" class=\"skip-lazy bwg_standart_thumb_img_0 \"                   data-id=\"13\"                   data-width=\"\"                   data-height=\"\"                   data-src=\"https:\/\/www.frfce.qc.ca\/wp-content\/uploads\/photo-gallery\/thumb\/3%20(1).png\"                   src=\"https:\/\/www.frfce.qc.ca\/wp-content\/uploads\/photo-gallery\/thumb\/3%20(1).png\"                   alt=\"Zonage forestier \u00e0 Saint-Beno\u00eet-du-Lac\"                   title=\"Zonage forestier \u00e0 Saint-Beno\u00eet-du-Lac\" \/>            <\/div>            <div class=\"\">                                                      <\/div>          <\/div>        <\/div>                        <\/a>              <\/div>            <div class=\"bwg-item\">        <a class=\"bwg-a \"  data-elementor-open-lightbox=\"no\">                <div class=\"bwg-item0 \">          <div class=\"bwg-item1 \">            <div class=\"bwg-item2\">              <img decoding=\"async\" class=\"skip-lazy bwg_standart_thumb_img_0 \"                   data-id=\"15\"                   data-width=\"\"                   data-height=\"\"                   data-src=\"https:\/\/www.frfce.qc.ca\/wp-content\/uploads\/photo-gallery\/thumb\/5%20(1).png\"                   src=\"https:\/\/www.frfce.qc.ca\/wp-content\/uploads\/photo-gallery\/thumb\/5%20(1).png\"                   alt=\"Zonage forestier \u00e0 Saint-Beno\u00eet-du-Lac\"                   title=\"Zonage forestier \u00e0 Saint-Beno\u00eet-du-Lac\" \/>            <\/div>            <div class=\"\">                                                      <\/div>          <\/div>        <\/div>                        <\/a>              <\/div>            <div class=\"bwg-item\">        <a class=\"bwg-a \"  data-elementor-open-lightbox=\"no\">                <div class=\"bwg-item0 \">          <div class=\"bwg-item1 \">            <div class=\"bwg-item2\">              <img decoding=\"async\" class=\"skip-lazy bwg_standart_thumb_img_0 \"                   data-id=\"16\"                   data-width=\"\"                   data-height=\"\"                   data-src=\"https:\/\/www.frfce.qc.ca\/wp-content\/uploads\/photo-gallery\/thumb\/6%20(1).png\"                   src=\"https:\/\/www.frfce.qc.ca\/wp-content\/uploads\/photo-gallery\/thumb\/6%20(1).png\"                   alt=\"Zonage forestier \u00e0 Saint-Beno\u00eet-du-Lac\"                   title=\"Zonage forestier \u00e0 Saint-Beno\u00eet-du-Lac\" \/>            <\/div>            <div class=\"\">                                                      <\/div>          <\/div>        <\/div>                        <\/a>              <\/div>            <div class=\"bwg-item\">        <a class=\"bwg-a \"  data-elementor-open-lightbox=\"no\">                <div class=\"bwg-item0 \">          <div class=\"bwg-item1 \">            <div class=\"bwg-item2\">              <img decoding=\"async\" class=\"skip-lazy bwg_standart_thumb_img_0 \"                   data-id=\"17\"                   data-width=\"\"                   data-height=\"\"                   data-src=\"https:\/\/www.frfce.qc.ca\/wp-content\/uploads\/photo-gallery\/thumb\/7%20(1).png\"                   src=\"https:\/\/www.frfce.qc.ca\/wp-content\/uploads\/photo-gallery\/thumb\/7%20(1).png\"                   alt=\"Zonage forestier \u00e0 Saint-Beno\u00eet-du-Lac\"                   title=\"Zonage forestier \u00e0 Saint-Beno\u00eet-du-Lac\" \/>            <\/div>            <div class=\"\">                                                      <\/div>          <\/div>        <\/div>                        <\/a>              <\/div>            <div class=\"bwg-item\">        <a class=\"bwg-a \"  data-elementor-open-lightbox=\"no\">                <div class=\"bwg-item0 \">          <div class=\"bwg-item1 \">            <div class=\"bwg-item2\">              <img decoding=\"async\" class=\"skip-lazy bwg_standart_thumb_img_0 \"                   data-id=\"18\"                   data-width=\"\"                   data-height=\"\"                   data-src=\"https:\/\/www.frfce.qc.ca\/wp-content\/uploads\/photo-gallery\/thumb\/8%20(1).png\"                   src=\"https:\/\/www.frfce.qc.ca\/wp-content\/uploads\/photo-gallery\/thumb\/8%20(1).png\"                   alt=\"Zonage forestier \u00e0 Saint-Beno\u00eet-du-Lac\"                   title=\"Zonage forestier \u00e0 Saint-Beno\u00eet-du-Lac\" \/>            <\/div>            <div class=\"\">                                                      <\/div>          <\/div>        <\/div>                        <\/a>              <\/div>            <div class=\"bwg-item\">        <a class=\"bwg-a \"  data-elementor-open-lightbox=\"no\">                <div class=\"bwg-item0 \">          <div class=\"bwg-item1 \">            <div class=\"bwg-item2\">              <img decoding=\"async\" class=\"skip-lazy bwg_standart_thumb_img_0 \"                   data-id=\"19\"                   data-width=\"\"                   data-height=\"\"                   data-src=\"https:\/\/www.frfce.qc.ca\/wp-content\/uploads\/photo-gallery\/thumb\/9%20(1).png\"                   src=\"https:\/\/www.frfce.qc.ca\/wp-content\/uploads\/photo-gallery\/thumb\/9%20(1).png\"                   alt=\"Zonage forestier \u00e0 Saint-Beno\u00eet-du-Lac\"                   title=\"Zonage forestier \u00e0 Saint-Beno\u00eet-du-Lac\" \/>            <\/div>            <div class=\"\">                                                      <\/div>          <\/div>        <\/div>                        <\/a>              <\/div>            <div class=\"bwg-item\">        <a class=\"bwg-a \"  data-elementor-open-lightbox=\"no\">                <div class=\"bwg-item0 \">          <div class=\"bwg-item1 \">            <div class=\"bwg-item2\">              <img decoding=\"async\" class=\"skip-lazy bwg_standart_thumb_img_0 \"                   data-id=\"20\"                   data-width=\"\"                   data-height=\"\"                   data-src=\"https:\/\/www.frfce.qc.ca\/wp-content\/uploads\/photo-gallery\/thumb\/10%20(1).png\"                   src=\"https:\/\/www.frfce.qc.ca\/wp-content\/uploads\/photo-gallery\/thumb\/10%20(1).png\"                   alt=\"Zonage forestier \u00e0 Saint-Beno\u00eet-du-Lac\"                   title=\"Zonage forestier \u00e0 Saint-Beno\u00eet-du-Lac\" \/>            <\/div>            <div class=\"\">                                                      <\/div>          <\/div>        <\/div>                        <\/a>              <\/div>            <div class=\"bwg-item\">        <a class=\"bwg-a \"  data-elementor-open-lightbox=\"no\">                <div class=\"bwg-item0 \">          <div class=\"bwg-item1 \">            <div class=\"bwg-item2\">              <img decoding=\"async\" class=\"skip-lazy bwg_standart_thumb_img_0 \"                   data-id=\"21\"                   data-width=\"\"                   data-height=\"\"                   data-src=\"https:\/\/www.frfce.qc.ca\/wp-content\/uploads\/photo-gallery\/thumb\/11.png\"                   src=\"https:\/\/www.frfce.qc.ca\/wp-content\/uploads\/photo-gallery\/thumb\/11.png\"                   alt=\"Zonage forestier \u00e0 Saint-Beno\u00eet-du-Lac\"                   title=\"Zonage forestier \u00e0 Saint-Beno\u00eet-du-Lac\" \/>            <\/div>            <div class=\"\">                                                      <\/div>          <\/div>        <\/div>                        <\/a>              <\/div>            <div class=\"bwg-item\">        <a class=\"bwg-a \"  data-elementor-open-lightbox=\"no\">                <div class=\"bwg-item0 \">          <div class=\"bwg-item1 \">            <div class=\"bwg-item2\">              <img decoding=\"async\" class=\"skip-lazy bwg_standart_thumb_img_0 \"                   data-id=\"22\"                   data-width=\"\"                   data-height=\"\"                   data-src=\"https:\/\/www.frfce.qc.ca\/wp-content\/uploads\/photo-gallery\/thumb\/12.png\"                   src=\"https:\/\/www.frfce.qc.ca\/wp-content\/uploads\/photo-gallery\/thumb\/12.png\"                   alt=\"Zonage forestier \u00e0 Saint-Beno\u00eet-du-Lac\"                   title=\"Zonage forestier \u00e0 Saint-Beno\u00eet-du-Lac\" \/>            <\/div>            <div class=\"\">                                                      <\/div>          <\/div>        <\/div>                        <\/a>              <\/div>          <\/div>    <style>      \/*pagination styles*\/      #bwg_container1_0 #bwg_container2_0 .tablenav-pages_0 {\t\t\t\ttext-align: center;\t\t\t\tfont-size: 12px;\t\t\t\tfont-family: segoe ui;\t\t\t\tfont-weight: bold;\t\t\t\tcolor: #666666;\t\t\t\tmargin: 6px 0 4px;\t\t\t\tdisplay: block;      }      @media only screen and (max-width : 320px) {      #bwg_container1_0 #bwg_container2_0 .displaying-num_0 {     \t display: none;      }      }      #bwg_container1_0 #bwg_container2_0 .displaying-num_0 {\t\t\t\tfont-size: 12px;\t\t\t\tfont-family: segoe ui;\t\t\t\tfont-weight: bold;\t\t\t\tcolor: #666666;\t\t\t\tmargin-right: 10px;\t\t\t\tvertical-align: middle;      }      #bwg_container1_0 #bwg_container2_0 .paging-input_0 {\t\t\t\tfont-size: 12px;\t\t\t\tfont-family: segoe ui;\t\t\t\tfont-weight: bold;\t\t\t\tcolor: #666666;\t\t\t\tvertical-align: middle;      }      #bwg_container1_0 #bwg_container2_0 .tablenav-pages_0 a.disabled,      #bwg_container1_0 #bwg_container2_0 .tablenav-pages_0 a.disabled:hover,      #bwg_container1_0 #bwg_container2_0 .tablenav-pages_0 a.disabled:focus,\t\t\t#bwg_container1_0 #bwg_container2_0 .tablenav-pages_0 input.bwg_current_page {\t\t\t\tcursor: default;\t\t\t\tcolor: rgba(102, 102, 102, 0.5);      }      #bwg_container1_0 #bwg_container2_0 .tablenav-pages_0 a,      #bwg_container1_0 #bwg_container2_0 .tablenav-pages_0 input.bwg_current_page {\t\t\t\tcursor: pointer;\t\t\t\ttext-align: center;\t\t\t\tfont-size: 12px;\t\t\t\tfont-family: segoe ui;\t\t\t\tfont-weight: bold;\t\t\t\tcolor: #666666;\t\t\t\ttext-decoration: none;\t\t\t\tpadding: 3px 6px;\t\t\t\tmargin: 0;\t\t\t\tborder-radius: 0;\t\t\t\tborder-style: solid;\t\t\t\tborder-width: 1px;\t\t\t\tborder-color: #E3E3E3;\t\t\t\t\t\t\t\tbackground-color: rgba(255, 255, 255, 1.00);\t\t\t\tbox-shadow: 0;\t\t\t\ttransition: all 0.3s ease 0s;-webkit-transition: all 0.3s ease 0s;      }      <\/style>      <span class=\"bwg_nav_cont_0\">              <div class=\"tablenav-pages_0\">                  <\/div>                <input type=\"hidden\" id=\"page_number_0\" name=\"page_number_0\" value=\"1\" \/>      <script type=\"text\/javascript\">        if( jQuery('.bwg_nav_cont_0').length > 1 ) {          jQuery('.bwg_nav_cont_0').first().remove()        }        function spider_page_0(cur, x, y, load_more) {          if (typeof load_more == \"undefined\") {            var load_more = false;          }          if (jQuery(cur).hasClass('disabled')) {            return false;          }          var items_county_0 = 1;          switch (y) {            case 1:              if (x >= items_county_0) {                document.getElementById('page_number_0').value = items_county_0;              }              else {                document.getElementById('page_number_0').value = x + 1;              }              break;            case 2:              document.getElementById('page_number_0').value = items_county_0;              break;            case -1:              if (x == 1) {                document.getElementById('page_number_0').value = 1;              }              else {                document.getElementById('page_number_0').value = x - 1;              }              break;            case -2:              document.getElementById('page_number_0').value = 1;              break;\t\t\t\t\t\tcase 0:              document.getElementById('page_number_0').value = x;              break;            default:              document.getElementById('page_number_0').value = 1;          }          bwg_ajax('gal_front_form_0', '0', 'bwg_thumbnails_0', '0', '', 'gallery', 0, '', '', load_more, '', 1);        }                    jQuery('.first-page-0').on('click', function () {              spider_page_0(this, 1, -2, 'numeric');              return false;            });            jQuery('.prev-page-0').on('click', function () {              spider_page_0(this, 1, -1, 'numeric');              return false;            });            jQuery('.next-page-0').on('click', function () {              spider_page_0(this, 1, 1, 'numeric');              return false;            });            jQuery('.last-page-0').on('click', function () {              spider_page_0(this, 1, 2, 'numeric');              return false;            });        \t\t\t\t\/* Change page on input enter. *\/        function bwg_change_page_0( e, that ) {          if (  e.key == 'Enter' ) {            var to_page = parseInt(jQuery(that).val());            var pages_count = jQuery(that).parents(\".pagination-links\").data(\"pages-count\");            var current_url_param = jQuery(that).attr('data-url-info');            if (to_page > pages_count) {              to_page = 1;            }\t \t\t\t\t\t\t\t\t\t\t\t\tspider_page_0(this, to_page, 0, 'numeric');\t\t\t\t\t\t\treturn false;\t\t\t\t\t\t          }          return true;        }        jQuery('.bwg_load_btn_0').on('click', function () {            spider_page_0(this, 1, 1, true);            return false;        });      <\/script>      <\/span>                <\/div>        <\/form>              <\/div>    <\/div>    <script>      if (document.readyState === 'complete') {        if( typeof bwg_main_ready == 'function' ) {          if ( jQuery(\"#bwg_container1_0\").height() ) {            bwg_main_ready(jQuery(\"#bwg_container1_0\"));          }        }      } else {        document.addEventListener('DOMContentLoaded', function() {          if( typeof bwg_main_ready == 'function' ) {            if ( jQuery(\"#bwg_container1_0\").height() ) {             bwg_main_ready(jQuery(\"#bwg_container1_0\"));            }          }        });      }    <\/script>    \n<p>&nbsp;<\/p>\n<p><strong>Documentation<\/strong><\/p>\n<p>Un article professionnel et un article de vulgarisation sont disponibles en lien avec le projet de zonage forestier\u00a0:<\/p>\n<p>&#8211;\u00a0\u00a0\u00a0\u00a0\u00a0\u00a0 Truax, B. et D. Gagnon. 2013. Le zonage forestier appliqu\u00e9 \u00e0 la for\u00eat priv\u00e9e : concilier conservation, restauration et production. Progr\u00e8s Forestier (Hiver 2013): 4-10. <a href=\"http:\/\/www.afsq.org\/excursion_conference\/documents\/zonage_forestier_conservation_restauration_production.pdf\" target=\"_blank\">www.afsq.org\/excursion_conference\/documents\/zonage_forestier_conservation_restauration_production.pdf<\/a><\/p>\n<p>&#8211;\u00a0\u00a0\u00a0\u00a0\u00a0\u00a0 Fortier, J., B. Truax, D. Gagnon, et F. Lambert. 2012. Hybrid poplar yields in Qu\u00e9bec: Implications for a sustainable forest zoning management system. The Forestry Chronicle 88: 391-407.<br \/>\n<a href=\"http:\/\/pubs.cif-ifc.org\/doi\/abs\/10.5558\/tfc2012-075\" target=\"_blank\">http:\/\/pubs.cif-ifc.org\/doi\/abs\/10.5558\/tfc2012-075<\/a><\/p>\n<p>&nbsp;<\/p>\n","protected":false},"excerpt":{"rendered":"<p>Mise en contexte Le zonage forestier est un concept d\u2019am\u00e9nagement forestier qui vise simultan\u00e9ment la conservation d\u2019\u00e9cosyst\u00e8mes forestiers dans leur int\u00e9gralit\u00e9, l\u2019am\u00e9nagement forestier extensif et \u00e9cosyst\u00e9mique (incluant la restauration) ainsi que l\u2019am\u00e9nagement intensif (production accrue). Ces 3 types d\u2019am\u00e9nagements sont attribu\u00e9s \u00e0 des zones particuli\u00e8res sur un m\u00eame territoire de mani\u00e8re \u00e0 r\u00e9duire les conflits [&hellip;]<\/p>\n","protected":false},"author":1,"featured_media":0,"parent":141,"menu_order":1,"comment_status":"closed","ping_status":"closed","template":"","meta":{"footnotes":""},"class_list":["post-161","page","type-page","status-publish","hentry"],"_links":{"self":[{"href":"https:\/\/www.frfce.qc.ca\/index.php?rest_route=\/wp\/v2\/pages\/161","targetHints":{"allow":["GET"]}}],"collection":[{"href":"https:\/\/www.frfce.qc.ca\/index.php?rest_route=\/wp\/v2\/pages"}],"about":[{"href":"https:\/\/www.frfce.qc.ca\/index.php?rest_route=\/wp\/v2\/types\/page"}],"author":[{"embeddable":true,"href":"https:\/\/www.frfce.qc.ca\/index.php?rest_route=\/wp\/v2\/users\/1"}],"replies":[{"embeddable":true,"href":"https:\/\/www.frfce.qc.ca\/index.php?rest_route=%2Fwp%2Fv2%2Fcomments&post=161"}],"version-history":[{"count":22,"href":"https:\/\/www.frfce.qc.ca\/index.php?rest_route=\/wp\/v2\/pages\/161\/revisions"}],"predecessor-version":[{"id":456,"href":"https:\/\/www.frfce.qc.ca\/index.php?rest_route=\/wp\/v2\/pages\/161\/revisions\/456"}],"up":[{"embeddable":true,"href":"https:\/\/www.frfce.qc.ca\/index.php?rest_route=\/wp\/v2\/pages\/141"}],"wp:attachment":[{"href":"https:\/\/www.frfce.qc.ca\/index.php?rest_route=%2Fwp%2Fv2%2Fmedia&parent=161"}],"curies":[{"name":"wp","href":"https:\/\/api.w.org\/{rel}","templated":true}]}}