{"id":22,"date":"2014-08-12T11:40:41","date_gmt":"2014-08-12T15:40:41","guid":{"rendered":"http:\/\/www.frfce.qc.ca\/?page_id=22"},"modified":"2014-08-25T14:33:40","modified_gmt":"2014-08-25T18:33:40","slug":"conservation-de-la-foret","status":"publish","type":"page","link":"https:\/\/www.frfce.qc.ca\/?page_id=22","title":{"rendered":"Conservation de la for\u00eat"},"content":{"rendered":"<p>En parall\u00e8le \u00e0 nos travaux sur la production foresti\u00e8re et la restauration des for\u00eats, il nous para\u00eet essentiel d\u2019acqu\u00e9rir des connaissances sur les peuplements naturels de fa\u00e7on \u00e0 am\u00e9liorer nos pratiques en mati\u00e8re de protection ou de conservation des for\u00eats et des diff\u00e9rentes esp\u00e8ces qui les composent.<\/p>\n<p>Deux projets de recherche sur la conservation sont pr\u00e9sentement en cours. D\u2019une part, nous nous int\u00e9ressons \u00e0 l\u2019\u00e9tude de la distribution, de l\u2019abondance et de l\u2019\u00e9tat de sant\u00e9 du noyer cendr\u00e9, une esp\u00e8ce d\u2019arbre en voie de disparition en Am\u00e9rique du Nord. D\u2019autre part, nous sommes pr\u00e9occup\u00e9s par la pr\u00e9sence grandissant du nerprun bourdaine dans les for\u00eats du sud du Qu\u00e9bec, une esp\u00e8ce exotique envahissante, originaire d\u2019Eurasie. Nous cherchons \u00e0 comprendre les facteurs qui favoriseraient l\u2019\u00e9tablissement et la croissance du nerprun en peuplements naturels.<\/p>\n<p>&nbsp;<\/p>\n<table border=\"\">\n<tbody>\n<tr>\n<td><a title=\"Distribution, abondance et \u00e9tat de sant\u00e9 du noyer cendr\u00e9\" href=\"http:\/\/www.frfce.qc.ca\/?page_id=182\"><img loading=\"lazy\" decoding=\"async\" class=\"alignnone size-full wp-image-137\" src=\"http:\/\/www.frfce.qc.ca\/wp-content\/uploads\/2014\/08\/noyer_cendre.png\" alt=\"Noyer cendr\u00e9\" width=\"200\" height=\"200\" srcset=\"https:\/\/www.frfce.qc.ca\/wp-content\/uploads\/2014\/08\/noyer_cendre.png 200w, https:\/\/www.frfce.qc.ca\/wp-content\/uploads\/2014\/08\/noyer_cendre-150x150.png 150w, https:\/\/www.frfce.qc.ca\/wp-content\/uploads\/2014\/08\/noyer_cendre-50x50.png 50w\" sizes=\"auto, (max-width: 200px) 100vw, 200px\" \/><\/a><\/td>\n<td><a title=\"Distribution, abondance et \u00e9tat de sant\u00e9 du noyer cendr\u00e9\" href=\"http:\/\/www.frfce.qc.ca\/?page_id=182\">Distribution, abondance et \u00e9tat de sant\u00e9 du noyer cendr\u00e9<\/a><\/td>\n<\/tr>\n<tr>\n<td><a title=\"\u00c9tude de la distribution du nerprun bourdaine en peuplements naturels\" href=\"http:\/\/www.frfce.qc.ca\/?page_id=172\"><img loading=\"lazy\" decoding=\"async\" class=\"alignnone size-full wp-image-138\" src=\"http:\/\/www.frfce.qc.ca\/wp-content\/uploads\/2014\/08\/nerprun_bourdaine1.png\" alt=\"nerprun bourdaine\" width=\"200\" height=\"200\" srcset=\"https:\/\/www.frfce.qc.ca\/wp-content\/uploads\/2014\/08\/nerprun_bourdaine1.png 200w, https:\/\/www.frfce.qc.ca\/wp-content\/uploads\/2014\/08\/nerprun_bourdaine1-150x150.png 150w, https:\/\/www.frfce.qc.ca\/wp-content\/uploads\/2014\/08\/nerprun_bourdaine1-50x50.png 50w\" sizes=\"auto, (max-width: 200px) 100vw, 200px\" \/><\/a><\/td>\n<td><a title=\"\u00c9tude de la distribution du nerprun bourdaine en peuplements naturels\" href=\"http:\/\/www.frfce.qc.ca\/?page_id=172\">\u00c9tude de la distribution du nerprun bourdaine en peuplements naturels<\/a><\/td>\n<\/tr>\n<\/tbody>\n<\/table>\n","protected":false},"excerpt":{"rendered":"<p>En parall\u00e8le \u00e0 nos travaux sur la production foresti\u00e8re et la restauration des for\u00eats, il nous para\u00eet essentiel d\u2019acqu\u00e9rir des connaissances sur les peuplements naturels de fa\u00e7on \u00e0 am\u00e9liorer nos pratiques en mati\u00e8re de protection ou de conservation des for\u00eats et des diff\u00e9rentes esp\u00e8ces qui les composent. Deux projets de recherche sur la conservation sont [&hellip;]<\/p>\n","protected":false},"author":1,"featured_media":0,"parent":16,"menu_order":3,"comment_status":"closed","ping_status":"closed","template":"","meta":{"footnotes":""},"class_list":["post-22","page","type-page","status-publish","hentry"],"_links":{"self":[{"href":"https:\/\/www.frfce.qc.ca\/index.php?rest_route=\/wp\/v2\/pages\/22","targetHints":{"allow":["GET"]}}],"collection":[{"href":"https:\/\/www.frfce.qc.ca\/index.php?rest_route=\/wp\/v2\/pages"}],"about":[{"href":"https:\/\/www.frfce.qc.ca\/index.php?rest_route=\/wp\/v2\/types\/page"}],"author":[{"embeddable":true,"href":"https:\/\/www.frfce.qc.ca\/index.php?rest_route=\/wp\/v2\/users\/1"}],"replies":[{"embeddable":true,"href":"https:\/\/www.frfce.qc.ca\/index.php?rest_route=%2Fwp%2Fv2%2Fcomments&post=22"}],"version-history":[{"count":6,"href":"https:\/\/www.frfce.qc.ca\/index.php?rest_route=\/wp\/v2\/pages\/22\/revisions"}],"predecessor-version":[{"id":401,"href":"https:\/\/www.frfce.qc.ca\/index.php?rest_route=\/wp\/v2\/pages\/22\/revisions\/401"}],"up":[{"embeddable":true,"href":"https:\/\/www.frfce.qc.ca\/index.php?rest_route=\/wp\/v2\/pages\/16"}],"wp:attachment":[{"href":"https:\/\/www.frfce.qc.ca\/index.php?rest_route=%2Fwp%2Fv2%2Fmedia&parent=22"}],"curies":[{"name":"wp","href":"https:\/\/api.w.org\/{rel}","templated":true}]}}